{"id":4037,"date":"2022-01-10T23:15:41","date_gmt":"2022-01-10T23:15:41","guid":{"rendered":"https:\/\/www.dumtanceostrava.cz\/?page_id=4037"},"modified":"2023-12-02T14:21:15","modified_gmt":"2023-12-02T13:21:15","slug":"informacni-memorandum","status":"publish","type":"page","link":"https:\/\/www.dumtanceostrava.cz\/index.php\/informacni-memorandum\/","title":{"rendered":"Informa\u010dn\u00ed memorandum"},"content":{"rendered":"<div class=\"wpb-content-wrapper\">[vc_row][vc_column css=&#8220;.vc_custom_1501141564449{padding-right: 30px !important;padding-left: 30px !important;}&#8220;][vc_column_text]C\u00edlem t\u011bchto Z\u00e1sad zpracov\u00e1n\u00ed osobn\u00edch \u00fadaj\u016f pro z\u00e1kazn\u00edky dle GDPR (\u201eZ\u00e1sady\u201c) vydan\u00fdch spolkem<\/p>\n<p><b>D\u016fm tance Ostrava,<\/b> Ostrava-Star\u00e1 B\u011bl\u00e1, 724 00, Jun\u00e1ck\u00e1 , , I\u010cO: XXXXXXXX<\/p>\n<p>Zastoupen\u00e1: Zby\u0148kem Strnadelem<\/p>\n<p><b>(d\u00e1le jen SPR\u00c1VCE)<\/b><\/p>\n<p>je poskytnout informace o tom, jak\u00e9 osobn\u00ed \u00fadaje (d\u00e1le tak\u00e9 \u201e\u00fadaje\u201c) SPR\u00c1VCE jako spr\u00e1vce zpracov\u00e1v\u00e1 p\u0159i n\u00e1v\u0161t\u011bv\u00e1ch internetov\u00fdch str\u00e1nek provozovan\u00fdch SPR\u00c1VCEM a kontaktech s potenci\u00e1ln\u00edmi z\u00e1kazn\u00edky. D\u00e1le je v Z\u00e1sad\u00e1ch uvedeno, k jak\u00fdm \u00fa\u010del\u016fm a jak dlouho SPR\u00c1VCE tyto osobn\u00ed \u00fadaje v souladu s platn\u00fdmi pr\u00e1vn\u00edmi p\u0159edpisy zpracov\u00e1v\u00e1, komu a z jak\u00e9ho d\u016fvodu je m\u016f\u017ee p\u0159edat, a rovn\u011b\u017e informace o tom, jak\u00e1 pr\u00e1va fyzick\u00fdm osob\u00e1m v souvislosti se zpracov\u00e1n\u00edm jejich osobn\u00edch \u00fadaj\u016f n\u00e1le\u017e\u00ed.<\/p>\n<p>Tyto Z\u00e1sady jsou \u00fa\u010dinn\u00e9 od <b>25.3.2020<\/b> a jsou vyd\u00e1ny v souladu s na\u0159\u00edzen\u00edm (EU) 2016\/679, o ochran\u011b fyzick\u00fdch osob v souvislosti se zpracov\u00e1n\u00edm osobn\u00edch \u00fadaj\u016f (\u201ena\u0159\u00edzen\u00ed\u201c nebo \u201eGDPR\u201c) za \u00fa\u010delem zaji\u0161t\u011bn\u00ed informa\u010dn\u00ed povinnosti SPR\u00c1VCE jako spr\u00e1vce osobn\u00edch \u00fadaj\u016f dle \u010dl. 13 GDPR.<\/p>\n<p>Tyto Z\u00e1sady se t\u00fdkaj\u00ed zpracov\u00e1n\u00ed osobn\u00edch \u00fadaj\u016f z\u00e1kazn\u00edk\u016f SPR\u00c1VCE, u\u017eivatel\u016f slu\u017eeb SPR\u00c1VCE, z\u00e1jemc\u016f o slu\u017eby SPR\u00c1VCE a n\u00e1v\u0161t\u011bvn\u00edk\u016f internetov\u00fdch str\u00e1nek provozovan\u00fdch SPR\u00c1VCEM, a to v\u017edy v rozsahu ochrany osobn\u00edch \u00fadaj\u016f dle GDPR odpov\u00eddaj\u00edc\u00edm jejich postaven\u00ed v\u016f\u010di SPR\u00c1VCE.<\/p>\n<p>N\u00ed\u017ee naleznete p\u0159ehled hlavn\u00edch princip\u016f ochrany osobn\u00edch \u00fadaj\u016f a dal\u0161\u00edch zpracov\u00e1van\u00fdch \u00fadaj\u016f. Dal\u0161\u00ed informace naleznete na na\u0161ich internetov\u00fdch str\u00e1nk\u00e1ch <b>https:\/\/www.dumtanceostrava.cz<\/b>, v sekci t\u00fdkaj\u00edc\u00ed se ochrany osobn\u00edch \u00fadaj\u016f.<\/p>\n<ol>\n<li>KDO ZPRACOV\u00c1V\u00c1 VA\u0160E \u00daDAJE?<\/li>\n<\/ol>\n<p>Osobn\u00ed \u00fadaje zpracov\u00e1v\u00e1<\/p>\n<p><b>D\u016fm tance Ostrava,<\/b> Ostrava-Star\u00e1 B\u011bl\u00e1, 724 00, Jun\u00e1ck\u00e1 , I\u010cO: XXXXXXX \u00a0jako spr\u00e1vce osobn\u00edch \u00fadaj\u016f dle GDPR. Va\u0161e \u00fadaje budeme zpracov\u00e1vat dle n\u00ed\u017ee uveden\u00fdch podm\u00ednek.<\/p>\n<ol start=\"2\">\n<li>CO JE OSOBN\u00cd \u00daDAJ?<\/li>\n<\/ol>\n<p>Osobn\u00edm \u00fadajem je jak\u00e1koliv informace t\u00fdkaj\u00edc\u00ed se ur\u010den\u00e9 nebo ur\u010diteln\u00e9 fyzick\u00e9 osoby, k n\u00ed\u017e se osobn\u00ed \u00fadaje vztahuj\u00ed. Tato se pova\u017euje za ur\u010denou nebo ur\u010ditelnou, jestli\u017ee lze fyzickou osobu p\u0159\u00edmo \u010di nep\u0159\u00edmo identifikovat zejm\u00e9na na z\u00e1klad\u011b \u010d\u00edsla, k\u00f3du nebo jednoho \u010di v\u00edce prvk\u016f, specifick\u00fdch pro jej\u00ed fyzickou, fyziologickou, psychickou, ekonomickou, kulturn\u00ed nebo soci\u00e1ln\u00ed identitu. Nakl\u00e1d\u00e1n\u00ed s takov\u00fdmito \u00fadaji m\u016f\u017ee b\u00fdt vzhledem k pr\u00e1vu na soukrom\u00ed omezov\u00e1no, p\u0159i\u010dem\u017e ochrana osobn\u00edch \u00fadaj\u016f je upravena GDPR.<\/p>\n<ol start=\"3\">\n<li>JAK\u00c9 VA\u0160E OSOBN\u00cd \u00daDAJE ZPRACOV\u00c1V\u00c1ME?<\/li>\n<\/ol>\n<p>Zpracov\u00e1v\u00e1me pouze osobn\u00ed \u00fadaje, kter\u00e9 n\u00e1m poskytujete v souvislosti se z\u00e1jmem o na\u0161e slu\u017eby.<\/p>\n<p>3.1. Z\u00e1kladn\u00ed osobn\u00ed identifika\u010dn\u00ed \u00fadaje a adresn\u00ed \u00fadaje<\/p>\n<p>Tyto \u00fadaje jsou nutn\u00e9 pro uzav\u0159en\u00ed a pln\u011bn\u00ed smlouvy.<\/p>\n<p>3.2. Dal\u0161\u00ed \u00fadaje zpracovan\u00e9 na z\u00e1klad\u011b Va\u0161eho souhlasu, kter\u00e9 od V\u00e1s z\u00edsk\u00e1me t\u00edm, \u017ee pou\u017e\u00edv\u00e1te na\u0161e slu\u017eby<\/p>\n<p>a) IP adresa<\/p>\n<p>b) soubory cookies (v p\u0159\u00edpad\u011b online slu\u017eeb)<\/p>\n<p>c) Z\u00e1znamy o chov\u00e1n\u00ed na internetov\u00fdch str\u00e1nk\u00e1ch spravovan\u00fdch SPR\u00c1VCE z\u00edskan\u00e9 z cookies v p\u0159\u00edpad\u011b povolen\u00ed cookies ve webov\u00e9m prohl\u00ed\u017ee\u010di. Z\u00e1znamy jsou zpracov\u00e1ny pro vylep\u0161en\u00ed provozu internetov\u00fdch str\u00e1nek provozovan\u00fdch SPR\u00c1VCE a internetovou reklamu<\/p>\n<p>d) p\u0159\u00edpadn\u011b jin\u00fd online identifik\u00e1tor<\/p>\n<ol>\n<li>PRO\u010c VA\u0160E OSOBN\u00cd \u00daDAJE ZPRACOV\u00c1V\u00c1ME?<\/li>\n<\/ol>\n<p>a) Pln\u011bn\u00ed z\u00e1konn\u00fdch da\u0148ov\u00fdch povinnost\u00ed (pln\u011bn\u00ed z\u00e1konn\u00fdch povinnost\u00ed) podle \u010dl\u00e1nku 6 GDPR.<\/p>\n<p>b) Marketingov\u00e9 \u00fa\u010dely (souhlasy z\u00e1kazn\u00edk\u016f)<\/p>\n<ol start=\"5\">\n<li>POSKYTNUT\u00cd OSOBN\u00cdCH \u00daDAJ\u016e<\/li>\n<\/ol>\n<p>Poskytnut\u00ed osobn\u00edch \u00fadaj\u016f nutn\u00fdch pro pln\u011bn\u00ed smlouvy, pln\u011bn\u00ed z\u00e1konn\u00fdch povinnost\u00ed SPR\u00c1VCE a ochranu opr\u00e1vn\u011bn\u00fdch z\u00e1jm\u016f SPR\u00c1VCE je povinn\u00e9. Bez poskytnut\u00ed osobn\u00edch \u00fadaj\u016f k t\u011bmto \u00fa\u010del\u016fm by nebylo mo\u017en\u00e9 pln\u011bn\u00ed povinnost\u00ed SPR\u00c1VCE v\u016f\u010di z\u00e1kazn\u00edk\u016fm zajistit. Ke zpracov\u00e1n\u00ed osobn\u00edch \u00fadaj\u016f pro tyto \u00fa\u010dely nepot\u0159ebujeme souhlas. Zde pou\u017e\u00edv\u00e1me pr\u00e1vn\u00ed titul plynut\u00ed ze smlouvy pro zpracov\u00e1n\u00ed osobn\u00edch \u00fadaj\u016f.<\/p>\n<p>Osobn\u00ed \u00fadaje pro tyto \u010dinnosti jsou zpracov\u00e1ny v rozsahu nutn\u00e9m pro napln\u011bn\u00ed t\u011bchto \u010dinnost\u00ed a po dobu nutnou k jejich dosa\u017een\u00ed nebo po dobu p\u0159\u00edmo stanovenou pr\u00e1vn\u00edmi p\u0159edpisy.<\/p>\n<p>5.1. Zpracov\u00e1n\u00ed osobn\u00edch \u00fadaj\u016f pro marketingov\u00e9 \u00fa\u010dely<\/p>\n<p>U subjekt\u016f, kter\u00e9 ud\u011blily souhlas s marketingov\u00fdm osloven\u00edm prost\u0159ednictv\u00edm elektronick\u00e9ho kontaktu, zpracov\u00e1v\u00e1 SPR\u00c1VCE s jejich souhlasem po dobu uvedenou v souhlasu \u00fadaje, kter\u00e9 j\u00ed subjekt d\u00e1 k dispozici pro \u00fa\u010dely marketingov\u00e9ho osloven\u00ed a zas\u00edl\u00e1n\u00edm informac\u00ed o produktech, novink\u00e1ch a ak\u010dn\u00edch nab\u00eddk\u00e1ch SPR\u00c1VCE. Pokud je tento souhlas ud\u011blen prost\u0159ednictv\u00edm internetov\u00fdch str\u00e1nek provozovan\u00fdch SPR\u00c1VCE, jsou spole\u010dn\u011b s t\u011bmito kontakty zpracov\u00e1ny i \u00fadaje z cookies SPR\u00c1VCE, kter\u00e9 jsou um\u00edst\u011bny na internetov\u00fdch str\u00e1nk\u00e1ch, na kter\u00fdch byl tento souhlas ud\u011blen, a to jen v p\u0159\u00edpad\u011b, \u017ee m\u00e1 subjekt cookies ve webov\u00e9m prohl\u00ed\u017ee\u010di povoleny. Odhl\u00e1\u0161en\u00ed z p\u0159ij\u00edm\u00e1n\u00ed zas\u00edl\u00e1n\u00ed informac\u00ed o novink\u00e1ch a ak\u010dn\u00edch nab\u00eddk\u00e1ch je mo\u017eno prov\u00e9st v nastaven\u00ed slu\u017eby, pro kterou se u\u017eivatel k odb\u011bru takov\u00fdchto sd\u011blen\u00ed zaregistroval, pop\u0159\u00edpad\u011b emailem: info@tktrendostrava.cz<\/p>\n<p>5.2 Zpracov\u00e1v\u00e1n\u00ed cookies z internetov\u00fdch str\u00e1nek provozovan\u00fdch SPR\u00c1VCE<\/p>\n<p>V p\u0159\u00edpad\u011b, \u017ee m\u00e1 subjekt ve sv\u00e9m webov\u00e9m prohl\u00ed\u017ee\u010di povoleny cookies, zpracov\u00e1v\u00e1me o n\u011bm z\u00e1znamy chov\u00e1n\u00ed z cookies um\u00edst\u011bn\u00fdch na internetov\u00fdch str\u00e1nk\u00e1ch provozovan\u00fdch SPR\u00c1VCE, a to pro \u00fa\u010dely zaji\u0161t\u011bn\u00ed lep\u0161\u00edho provozu internetov\u00fdch str\u00e1nek SPR\u00c1VCE, prov\u00e1d\u011bn\u00ed anal\u00fdz a m\u011b\u0159en\u00ed s c\u00edlem zjistit, jak jsou na\u0161e slu\u017eby pou\u017e\u00edv\u00e1ny a pro \u00fa\u010dely internetov\u00e9 reklamy SPR\u00c1VCE.<\/p>\n<ol start=\"6\">\n<li>CO JSOU COOKIES A JAK\u00c9 DRUHY COOKIES POU\u017d\u00cdV\u00c1ME?<\/li>\n<\/ol>\n<p>Cookies jsou mal\u00e9 datov\u00e9 soubory, d\u00edky kter\u00fdm si nav\u0161t\u00edven\u00e9 webov\u00e9 str\u00e1nky pamatuj\u00ed \u00fakony a nastaven\u00ed jednotliv\u00fdch u\u017eivatel\u016f, kter\u00e9 na nich provedli, tak\u017ee se tyto \u00fadaje nemus\u00ed zad\u00e1vat opakovan\u011b. Soubory cookies se ukl\u00e1daj\u00ed do jednotliv\u00fdch po\u010d\u00edta\u010d\u016f pomoc\u00ed webov\u00e9ho prohl\u00ed\u017ee\u010de.\u00a0 Cookies nep\u0159edstavuj\u00ed nebezpe\u010d\u00ed, neslou\u017e\u00ed k z\u00edsk\u00e1v\u00e1n\u00ed jak\u00fdchkoli citliv\u00fdch osobn\u00edch \u00fadaj\u016f, maj\u00ed v\u0161ak v\u00fdznam pro ochranu soukrom\u00ed. Cookies nepou\u017e\u00edv\u00e1me pro zji\u0161t\u011bn\u00ed toto\u017enosti u\u017eivatel\u016f webov\u00fdch str\u00e1nek ani ke zneu\u017eit\u00ed p\u0159ihla\u0161ovac\u00edch \u00fadaj\u016f.<\/p>\n<p>Soubory cookies n\u00e1m nap\u0159. umo\u017e\u0148uj\u00ed u\u017eivatele rozpoznat jako st\u00e1vaj\u00edc\u00edho u\u017eivatele (nap\u0159. p\u0159i p\u0159ihla\u0161ov\u00e1n\u00ed do jeho emailov\u00e9mu \u00fa\u010dtu, p\u0159i autorizaci platby atd.) nebo p\u0159izp\u016fsobit webov\u00e9 str\u00e1nky u\u017eivatelsk\u00fdm preferenc\u00edm. Soubory cookie tak\u00e9 pou\u017e\u00edv\u00e1me k zobrazov\u00e1n\u00ed tzv. behavior\u00e1ln\u011b c\u00edlen\u00e9 on-line inzerce na webov\u00fdch str\u00e1nk\u00e1ch SPR\u00c1VCE i mimo n\u011b, jednodu\u0161eji \u0159e\u010deno k zobrazov\u00e1n\u00ed pouze takov\u00e9 reklamy, kter\u00e1 je relevantn\u00ed pro dan\u00e9ho konkr\u00e9tn\u00edho u\u017eivatele, ani\u017e by ten byl obt\u011b\u017eov\u00e1n reklamou, kter\u00e1 ho nezaj\u00edm\u00e1.<\/p>\n<p>Dal\u0161\u00ed skupinu p\u0159edstavuj\u00ed cookies t\u0159et\u00edch stran (nap\u0159. Google Analytics pro anal\u00fdzu n\u00e1v\u0161t\u011bvnosti dan\u00e9 konkr\u00e9tn\u00ed webov\u00e9 str\u00e1nky \u010di ur\u010dit\u00e9 slu\u017eby \u010di cookies provozovatel\u016f reklamn\u00edch syst\u00e9m\u016f, kter\u00e9 jsou na na\u0161ich str\u00e1nk\u00e1ch provozov\u00e1ny).<\/p>\n<p>Vy jako u\u017eivatel\u00e9 m\u00e1te mo\u017enost pou\u017e\u00edv\u00e1n\u00ed cookies odm\u00edtnout. Je v\u0161ak mo\u017en\u00e9, \u017ee v n\u011bkter\u00fdch p\u0159\u00edpadech nebude mo\u017en\u00e9 bez pou\u017e\u00edv\u00e1n\u00ed cookies zobrazit n\u00e1\u0161 ur\u010dit\u00fd produkt.<\/p>\n<p>Pokud bude m\u00edt V\u00e1\u0161 prohl\u00ed\u017ee\u010d pou\u017eit\u00ed cookies povoleno, budeme vych\u00e1zet z toho, \u017ee souhlas\u00edte s vyu\u017e\u00edv\u00e1n\u00edm standardn\u00edch cookies ze strany na\u0161ich web\u016f.<\/p>\n<p><b>Pokud nechcete tyto cookies ukl\u00e1dat je mo\u017en\u00e9 jejich pou\u017e\u00edv\u00e1n\u00ed zablokovat.<\/b><\/p>\n<ol start=\"7\">\n<li>KDO V\u0160ECHNO BUDE M\u00cdT K VA\u0160IM OSOBN\u00cdM \u00daDAJ\u016eM P\u0158\u00cdSTUP?<\/li>\n<\/ol>\n<p>SPR\u00c1VCE p\u0159i pln\u011bn\u00ed sv\u00fdch z\u00e1vazk\u016f a povinnost\u00ed ze smluv vyu\u017e\u00edv\u00e1 odborn\u00e9 a specializovan\u00e9 slu\u017eby jin\u00fdch subjekt\u016f. Pokud tito dodavatel\u00e9 zpracov\u00e1vaj\u00ed osobn\u00ed \u00fadaje p\u0159edan\u00e9 od SPR\u00c1VCE, maj\u00ed postaven\u00ed zpracovatel\u016f osobn\u00edch \u00fadaj\u016f a zpracov\u00e1vaj\u00ed osobn\u00ed \u00fadaje pouze v r\u00e1mci pokyn\u016f od SPR\u00c1VCE a nesm\u00ed je vyu\u017e\u00edt jinak.<\/p>\n<p>Pe\u010dliv\u011b si vyb\u00edr\u00e1me sv\u00e9 partnery, kter\u00fdm Va\u0161e data sv\u011b\u0159ujeme a kte\u0159\u00ed jsou schopni zajistit takov\u00e9 technick\u00e9 a organiza\u010dn\u00ed zabezpe\u010den\u00ed Va\u0161ich \u00fadaj\u016f, aby nemohlo doj\u00edt k neopr\u00e1vn\u011bn\u00e9mu nebo nahodil\u00e9mu p\u0159\u00edstupu k Va\u0161im \u00fadaj\u016fm \u010di k jejich jin\u00e9mu zneu\u017eit\u00ed. Ochrana Va\u0161ich dat je na\u0161\u00ed prioritou. V\u0161ichni na\u0161i partne\u0159i jsou v\u00e1z\u00e1ni povinnost\u00ed ml\u010denlivosti a nesm\u011bj\u00ed vyu\u017e\u00edt poskytnut\u00e9 \u00fadaje k \u017e\u00e1dn\u00fdm jin\u00fdm \u00fa\u010del\u016fm, ne\u017e ke kter\u00fdm jsme jim je zp\u0159\u00edstupnili.<\/p>\n<p>T\u0159et\u00edmi stranami, kter\u00e9 mohou m\u00edt p\u0159\u00edstup k Va\u0161im osobn\u00edm \u00fadaj\u016fm tak jsou:<\/p>\n<p>a) Osoby, kter\u00fdm poskytujeme \u00fadaje za \u00fa\u010delem anal\u00fdzy n\u00e1v\u0161t\u011bvnosti na\u0161ich web\u016f;<\/p>\n<p>b) Osoby, kter\u00e9 pro n\u00e1s zaji\u0161\u0165uj\u00ed technick\u00fd provoz ur\u010dit\u00e9 slu\u017eby \u010di provozovatel\u00e9 technologi\u00ed, kter\u00e9 pro na\u0161e slu\u017eby vyu\u017e\u00edv\u00e1me;<\/p>\n<p>c) Inkasn\u00ed agentury za \u00fa\u010delem vym\u00e1h\u00e1n\u00ed \u010di inkasa pohled\u00e1vek SPR\u00c1VCE;<\/p>\n<p>d) Provozovatel\u00e9 reklamn\u00edch syst\u00e9m\u016f v souvislosti s c\u00edlenou reklamou;<\/p>\n<p>Za ur\u010dit\u00fdch, p\u0159esn\u011b definovan\u00fdch, podm\u00ednek jsme pak povinni n\u011bkter\u00e9 Va\u0161e osobn\u00ed \u00fadaje p\u0159edat na z\u00e1klad\u011b platn\u00fdch pr\u00e1vn\u00edch p\u0159edpis\u016f nap\u0159. Policii \u010cR, pop\u0159. jin\u00fdm org\u00e1n\u016fm \u010dinn\u00fdm v trestn\u00edm \u0159\u00edzen\u00ed v\u010detn\u011b specializovan\u00fdch \u00fatvar\u016f (\u00daOOZ, Celn\u00ed spr\u00e1va atd.) a dal\u0161\u00edm org\u00e1n\u016fm ve\u0159ejn\u00e9 spr\u00e1vy.<\/p>\n<ol start=\"8\">\n<li>JAK DLOUHO VA\u0160E \u00daDAJE ZPRACOV\u00c1V\u00c1ME?<\/li>\n<\/ol>\n<p>Va\u0161e \u00fadaje budeme zpracov\u00e1vat po celou dobu vyu\u017e\u00edv\u00e1n\u00ed na\u0161ich slu\u017eeb (tj. trv\u00e1n\u00ed smluvn\u00edho vztahu mezi n\u00e1mi) a n\u00e1sledn\u011b na z\u00e1klad\u011b V\u00e1mi ud\u011blen\u00e9ho souhlasu po dobu dal\u0161\u00edch 24 m\u011bs\u00edc\u016f, nebude-li tento V\u00e1\u0161 souhlas se zpracov\u00e1n\u00edm osobn\u00edch \u00fadaj\u016f z Va\u0161\u00ed strany odvol\u00e1n.<\/p>\n<p>Zde bychom V\u00e1s v\u0161ak cht\u011bli upozornit, \u017ee ty osobn\u00ed \u00fadaje, kter\u00e9 jsou nezbytn\u00e9 pro \u0159\u00e1dn\u00e9 poskytnut\u00ed V\u00e1mi objednan\u00fdch slu\u017eeb, resp. pro spln\u011bn\u00ed v\u0161ech na\u0161ich povinnost\u00ed, a\u0165 ji\u017e tyto povinnosti vypl\u00fdvaj\u00ed ze smlouvy mezi n\u00e1mi \u010di z obecn\u011b z\u00e1vazn\u00fdch pr\u00e1vn\u00edch p\u0159edpis\u016f mus\u00edme zpracov\u00e1vat bez ohledu na V\u00e1mi ud\u011blen\u00fd souhlas po dobu stanovenou p\u0159\u00edslu\u0161n\u00fdmi pr\u00e1vn\u00edmi p\u0159edpisy \u010di v souladu s nimi i po p\u0159\u00edpadn\u00e9m odvol\u00e1n\u00ed Va\u0161eho souhlasu.<\/p>\n<ol start=\"9\">\n<li>M\u016e\u017dEME VA\u0160E OSOBN\u00cd \u00daDAJE ZPRACOV\u00c1VAT I BEZ VA\u0160EHO SOUHLASU?<\/li>\n<\/ol>\n<p>Ano, Va\u0161e osobn\u00ed \u00fadaje m\u016f\u017eeme zpracov\u00e1vat i bez Va\u0161eho souhlasu, ale pouze za \u00fa\u010delem:<\/p>\n<p>a) Poskytnut\u00ed slu\u017eby (spln\u011bn\u00ed smlouvy uzav\u0159en\u00e9 mezi V\u00e1mi a SPR\u00c1VCEM);<\/p>\n<p>b) Spln\u011bn\u00ed pr\u00e1vn\u00edch povinnost\u00ed, kter\u00e9 pro n\u00e1s vypl\u00fdvaj\u00ed z obecn\u011b z\u00e1vazn\u00fdch pr\u00e1vn\u00edch p\u0159edpis\u016f;<\/p>\n<p>c) Zpracov\u00e1n\u00ed, je\u017e je nezbytn\u00e9 pro \u00fa\u010dely na\u0161ich opr\u00e1vn\u011bn\u00fdch z\u00e1jm\u016f (nap\u0159. k p\u0159\u00edm\u00e9mu marketingu, zaji\u0161t\u011bn\u00ed bezpe\u010dnosti na\u0161ich web\u016f).<\/p>\n<p>Mo\u017enost a z\u00e1konnost takov\u00e9ho zpracov\u00e1n\u00ed vypl\u00fdv\u00e1 p\u0159\u00edmo z platn\u00fdch pr\u00e1vn\u00edch p\u0159edpis\u016f a V\u00e1\u0161 souhlas k tomuto zpracov\u00e1n\u00ed nen\u00ed pot\u0159eba.<\/p>\n<ol start=\"10\">\n<li>NA Z\u00c1KLAD\u011a, \u010cEHO M\u016e\u017dEME ZPRACOV\u00c1VAT VA\u0160E OSOBN\u00cd \u00daDAJE?<\/li>\n<\/ol>\n<p>Jak u\u017e bylo \u0159e\u010deno, Va\u0161e osobn\u00ed \u00fadaje m\u016f\u017eeme zpracov\u00e1vat jednak na z\u00e1klad\u011b V\u00e1mi ud\u011blen\u00e9ho souhlasu, ale d\u00e1le nap\u0159\u00edklad tak\u00e9 na z\u00e1klad\u011b na\u0161eho opr\u00e1vn\u011bn\u00e9ho z\u00e1jmu \u010di pro spln\u011bn\u00ed mezi n\u00e1mi uzav\u0159en\u00e9 smlouvy, a to v rozsahu osobn\u00edch \u00fadaj\u016f, kter\u00e9 jsou k takov\u00e9mu spln\u011bn\u00ed nezbytn\u00e9. V neposledn\u00ed \u0159ad\u011b je pak d\u016fvodem umo\u017e\u0148uj\u00edc\u00edm n\u00e1m zpracov\u00e1vat Va\u0161e osobn\u00ed \u00fadaje i bez Va\u0161eho souhlasu pln\u011bn\u00ed povinnost\u00ed vypl\u00fdvaj\u00edc\u00ed pro n\u00e1s ze z\u00e1kona. Pro jak\u00e9 konkr\u00e9tn\u00ed \u00fa\u010dely prov\u00e1d\u00edme jednotliv\u00e1 zpracov\u00e1n\u00ed Va\u0161ich osobn\u00edch \u00fadaj\u016f uv\u00e1d\u00edme v\u00fd\u0161e.<\/p>\n<ol start=\"11\">\n<li>JAK JSOU M\u00c9 OSOBN\u00cd \u00daDAJE ZABEZPE\u010cENY?<\/li>\n<\/ol>\n<p>Ve\u0161ker\u00e9 osobn\u00ed \u00fadaje, kter\u00e9 n\u00e1m poskytnete, jsou zabezpe\u010deny standardn\u00edmi postupy a technologiemi. Nen\u00ed v\u0161ak objektivn\u011b mo\u017en\u00e9 zcela zaru\u010dit bezpe\u010dnost Va\u0161ich osobn\u00edch \u00fadaj\u016f. Proto nen\u00ed ani mo\u017en\u00e9 100 % zajistit, \u017ee k poskytnut\u00fdm osobn\u00edm \u00fadaj\u016fm nem\u016f\u017ee t\u0159et\u00ed osoba z\u00edskat p\u0159\u00edstup, nemohou b\u00fdt zkop\u00edrov\u00e1ny, zve\u0159ejn\u011bny, pozm\u011bn\u011bny nebo zni\u010deny prolomen\u00edm na\u0161ich bezpe\u010dnostn\u00edch opat\u0159en\u00ed<\/p>\n<p>V t\u00e9to souvislosti V\u00e1s nicm\u00e9n\u011b ubezpe\u010dujeme, \u017ee pravideln\u011b kontrolujeme, zda syst\u00e9m neobsahuje slab\u00e1 m\u00edsta a nebyl vystaven \u00fatoku a pou\u017e\u00edv\u00e1me takov\u00e1 bezpe\u010dnost\u00ed opat\u0159en\u00ed, aby, pokud mo\u017eno, nedo\u0161lo k neopr\u00e1vn\u011bn\u00e9mu p\u0159\u00edstupu k Va\u0161im osobn\u00edm \u00fadaj\u016fm, a kter\u00e1 s ohledem na aktu\u00e1ln\u00ed stav technologi\u00ed poskytuj\u00ed dostate\u010dn\u00e9 zabezpe\u010den\u00ed. P\u0159ijat\u00e1 bezpe\u010dnostn\u00ed opat\u0159en\u00ed jsou pak pravideln\u011b aktualizov\u00e1na.<\/p>\n<p>Za \u00fa\u010delem lep\u0161\u00edho zabezpe\u010den\u00ed Va\u0161ich osobn\u00edch \u00fadaj\u016f je p\u0159\u00edstup k t\u011bmto \u00fadaj\u016fm chr\u00e1n\u011bn heslem a citliv\u00e9 \u00fadaje jsou p\u0159i p\u0159enosu mezi Va\u0161\u00edm prohl\u00ed\u017ee\u010dem a na\u0161imi webov\u00fdmi str\u00e1nkami \u0161ifrov\u00e1ny.<\/p>\n<p>Bez Va\u0161\u00ed pomoci a odpov\u011bdn\u00e9ho chov\u00e1n\u00ed v\u0161ak nejsme schopni pln\u011b zajistit bezpe\u010dnost Va\u0161ich \u00fadaj\u016f. Pomozte n\u00e1m proto zajistit bezpe\u010dnost Va\u0161ich \u00fadaj\u016f t\u00edm, \u017ee budete uchov\u00e1vat sv\u00e1 jedine\u010dn\u00e1 hesla a p\u0159\u00edstupov\u00e9 \u00fadaje v tajnosti a budete dodr\u017eovat z\u00e1kladn\u00ed bezpe\u010dnostn\u00ed z\u00e1sady. M\u011bjte pros\u00edm v\u017edy na pam\u011bti, \u017ee e-maily nemus\u00ed b\u00fdt \u0161ifrov\u00e1ny. Proto d\u016frazn\u011b doporu\u010dujeme nepou\u017e\u00edvat tyto formy komunikace p\u0159i poskytov\u00e1n\u00ed d\u016fv\u011brn\u00fdch informac\u00ed.<\/p>\n<ol start=\"12\">\n<li>JAK A KDY M\u016e\u017dETE SV\u016eJ SOUHLAS SE ZPRACOV\u00c1N\u00cdM OSOBN\u00cdCH \u00daDAJ\u016e ODVOLAT?<\/li>\n<\/ol>\n<p>V\u00e1\u0161 dobrovoln\u011b ud\u011blen\u00fd souhlas se zpracov\u00e1n\u00edm osobn\u00edch \u00fadaj\u016f m\u016f\u017eete kdykoli bezplatn\u011b odvolat, a to prost\u0159ednictv\u00edm zasl\u00e1n\u00ed emailov\u00e9 zpr\u00e1vy na adresu: <b>info@dumtanceostrava.cz.<\/b>\u00a0Odvol\u00e1n\u00edm souhlasu nen\u00ed dot\u010dena mo\u017enost i nad\u00e1le zpracov\u00e1vat Va\u0161e osobn\u00ed \u00fadaje na z\u00e1klad\u011b Va\u0161eho souhlasu, kter\u00fd byl d\u00e1n p\u0159ed jeho odvol\u00e1n\u00edm. Odvol\u00e1n\u00ed souhlasu tak\u00e9 nem\u00e1 vliv na zpracov\u00e1n\u00ed osobn\u00edch \u00fadaj\u016f, kter\u00e9 zpracov\u00e1v\u00e1me na jin\u00e9m pr\u00e1vn\u00edm z\u00e1kladu, ne\u017e je souhlas (tj. zejm\u00e9na je-li zpracov\u00e1n\u00ed nezbytn\u00e9 pro spln\u011bn\u00ed smlouvy, pr\u00e1vn\u00ed povinnosti \u010di z jin\u00fdch d\u016fvod\u016f uveden\u00fdch v platn\u00fdch pr\u00e1vn\u00edch p\u0159edpisech).<\/p>\n<ol start=\"13\">\n<li>JSEM POVINEN POSKYTNOUT SV\u00c9 OSOBN\u00cd \u00daDAJE? CO KDY\u017d OSOBN\u00cd \u00daDAJE NEPOSKYTNU?<\/li>\n<\/ol>\n<p>Va\u0161e osobn\u00ed \u00fadaje n\u00e1m poskytujete dobrovoln\u011b (pro n\u011bkter\u00e9 slu\u017eby je v\u0161ak pro zp\u0159\u00edstupn\u011bn\u00ed slu\u017eby p\u0159ed\u00e1n\u00ed n\u011bkter\u00fdch osobn\u00edch \u00fadaj\u016f vy\u017eadov\u00e1no, tzn. pokud n\u00e1m je nep\u0159ed\u00e1te, nebude V\u00e1m umo\u017en\u011bno tuto slu\u017ebu vyu\u017e\u00edvat).<\/p>\n<p>Zpracov\u00e1n\u00ed Va\u0161ich osobn\u00edch \u00fadaj\u016f, \u010dasto pouze v anonymizovan\u00e9 podob\u011b, ani\u017e bychom byli v\u016fbec schopni V\u00e1s identifikovat jako konkr\u00e9tn\u00edho u\u017eivatele, n\u00e1m umo\u017enuje V\u00e1m poskytovat na\u0161e produkty a tyto neust\u00e1le zlep\u0161ovat a vyv\u00edjet nov\u00e9. Pokud n\u00e1m V\u00e1\u0161 souhlas neud\u011bl\u00edte, pop\u0159. ho dodate\u010dn\u011b odvol\u00e1te, m\u016f\u017ee se st\u00e1t, \u017ee V\u00e1m n\u011bkter\u00e9 na\u0161e produkty ji\u017e nebudeme schopni poskytovat v pln\u00e9m rozsahu. Nen\u00ed v\u0161ak samoz\u0159ejm\u011b Va\u0161\u00ed povinnost\u00ed na\u0161e bezplatn\u00e9 slu\u017eby vyu\u017e\u00edvat.<\/p>\n<ol start=\"14\">\n<li>JAK\u00c1 V\u0160ECHNA PR\u00c1VA M\u00c1TE V SOUVISLOSTI S OCHRANOU OSOBN\u00cdCH \u00daDAJ\u016e?<\/li>\n<\/ol>\n<p>Ve vztahu k Va\u0161im osobn\u00edm \u00fadaj\u016fm m\u00e1te zejm\u00e9na n\u00e1sleduj\u00edc\u00ed pr\u00e1va:<\/p>\n<p>a) Pr\u00e1vo na informace<\/p>\n<p>b) Pr\u00e1vo na p\u0159\u00edstup k osobn\u00edm \u00fadaj\u016fm<\/p>\n<p>c) Pr\u00e1vo nep\u0159esn\u00e9 osobn\u00ed \u00fadaje opravit \u010di doplnit;<\/p>\n<p>d) Pr\u00e1vo na v\u00fdmaz osobn\u00edch \u00fadaj\u016f (pr\u00e1vo b\u00fdt \u201ezapomenut\u201c) v ur\u010dit\u00fdch p\u0159\u00edpadech;<\/p>\n<p>e) Pr\u00e1vo na omezen\u00ed zpracov\u00e1n\u00ed<\/p>\n<p>f) Pr\u00e1vo na ozn\u00e1men\u00ed opravy, v\u00fdmazu \u010di omezen\u00ed zpracov\u00e1n\u00ed<\/p>\n<p>g) Pr\u00e1vo po\u017eadovat p\u0159enesen\u00ed \u00fadaj\u016f;<\/p>\n<p>h) Pr\u00e1vo vzn\u00e9st n\u00e1mitku \u010di st\u00ed\u017enost proti zpracov\u00e1n\u00ed v ur\u010dit\u00fdch p\u0159\u00edpadech;<\/p>\n<p>i) Sv\u016fj souhlas se zpracov\u00e1n\u00edm osobn\u00edch \u00fadaj\u016f kdykoli odvolat;<\/p>\n<p>j) Pr\u00e1vo b\u00fdt informov\u00e1n o poru\u0161en\u00ed zabezpe\u010den\u00ed osobn\u00edch \u00fadaj\u016f v ur\u010dit\u00fdch p\u0159\u00edpadech;<\/p>\n<p>k) Dal\u0161\u00ed pr\u00e1va stanoven\u00e1 v z\u00e1kon\u011b o ochran\u011b osobn\u00edch \u00fadaj\u016f a v GDPR po nabyt\u00ed jeho \u00fa\u010dinnosti.<\/p>\n<ol start=\"15\">\n<li>CO TO ZNAMEN\u00c1, \u017dE M\u00c1TE PR\u00c1VO VZN\u00c9ST N\u00c1MITKU?<\/li>\n<\/ol>\n<p>Pokud by se V\u00e1m ji\u017e nel\u00edbilo, \u017ee od n\u00e1s \u010das od \u010dasu dostanete n\u011bjak\u00e9 obchodn\u00ed sd\u011blen\u00ed \u010di jinou informaci o novink\u00e1ch v na\u0161em portfoliu produkt\u016f m\u00e1te mo\u017enost vzn\u00e9st n\u00e1mitku proti dal\u0161\u00edmu zpracov\u00e1v\u00e1n\u00ed Va\u0161ich osobn\u00edch \u00fadaj\u016f za \u00fa\u010delem p\u0159\u00edm\u00e9ho marketingu.\u00a0 Pokud tak u\u010din\u00edte, pro tento \u00fa\u010del ji\u017e Va\u0161e \u00fadaje zpracov\u00e1vat nebudeme a dal\u0161\u00ed obchodn\u00ed sd\u011blen\u00ed a newslettery V\u00e1m ji\u017e zas\u00edlat nebudeme.<\/p>\n<p>Bli\u017e\u0161\u00ed informace o tomto pr\u00e1vu obsahuje zejm\u00e9na \u010dl. 21 GDPR.<\/p>\n<ol start=\"16\">\n<li>JAK N\u00c1S M\u016e\u017dETE KONTAKTOVAT?<\/li>\n<\/ol>\n<p>V p\u0159\u00edpad\u011b jak\u00e9hokoli dotazu na ochranu osobn\u00edch \u00fadaj\u016f \u010di odvol\u00e1n\u00ed souhlasu s dal\u0161\u00edm zpracov\u00e1n\u00edm Va\u0161ich osobn\u00edch \u00fadaj\u016f vyu\u017eijte pros\u00edm e-mailu: <b>info@dumtanceostrava.cz<\/b><\/p>\n<p>V t\u00e9to souvislosti bychom V\u00e1s cht\u011bli upozornit, \u017ee m\u016f\u017eeme cht\u00edt, abyste n\u00e1m vhodn\u00fdm zp\u016fsobem prok\u00e1zali Va\u0161i toto\u017enost, abychom si mohli ov\u011b\u0159it Va\u0161i identitu. Jde o preventivn\u00ed bezpe\u010dnostn\u00ed opat\u0159en\u00ed, abychom zamezili p\u0159\u00edstupu neopr\u00e1vn\u011bn\u00fdch osob k Va\u0161im osobn\u00edm \u00fadaj\u016fm. Za \u00fa\u010delem zvy\u0161ov\u00e1n\u00ed kvality slu\u017eeb a uchov\u00e1v\u00e1n\u00ed z\u00e1znam\u016f o pln\u011bn\u00ed na\u0161ich povinnost\u00ed vypl\u00fdvaj\u00edc\u00edch ze z\u00e1kona je ve\u0161ker\u00e1 komunikace s V\u00e1mi monitorov\u00e1na.<\/p>\n<p><b>Spr\u00e1vce<\/b><\/p>\n<p><b>D\u016fm tance Ostrava,<\/b> Ostrava-Star\u00e1 B\u011bl\u00e1, 724 00, Jun\u00e1ck\u00e1 , I\u010cO: XXXXXXXX<\/p>\n<p>Zastoupen\u00e1: Zby\u0148kem Strnadelem[\/vc_column_text][\/vc_column][\/vc_row][vc_row][vc_column][vc_empty_space height=&#8220;64px&#8220;][\/vc_column][\/vc_row]\n<\/div>","protected":false},"excerpt":{"rendered":"<p>[vc_row][vc_column css=&#8220;.vc_custom_1501141564449{padding-right: 30px !important;padding-left: 30px !important;}&#8220;][vc_column_text]C\u00edlem t\u011bchto Z\u00e1sad zpracov\u00e1n\u00ed osobn\u00edch \u00fadaj\u016f pro z\u00e1kazn\u00edky dle GDPR (\u201eZ\u00e1sady\u201c) vydan\u00fdch spolkem D\u016fm tance Ostrava, Ostrava-Star\u00e1 B\u011bl\u00e1, 724 00, Jun\u00e1ck\u00e1 , , I\u010cO: XXXXXXXX Zastoupen\u00e1: Zby\u0148kem Strnadelem (d\u00e1le jen SPR\u00c1VCE) je poskytnout informace o tom, jak\u00e9 osobn\u00ed \u00fadaje (d\u00e1le tak\u00e9 \u201e\u00fadaje\u201c) SPR\u00c1VCE jako spr\u00e1vce zpracov\u00e1v\u00e1 p\u0159i n\u00e1v\u0161t\u011bv\u00e1ch internetov\u00fdch str\u00e1nek provozovan\u00fdch SPR\u00c1VCEM a kontaktech s potenci\u00e1ln\u00edmi z\u00e1kazn\u00edky. D\u00e1le je v Z\u00e1sad\u00e1ch uvedeno, k jak\u00fdm \u00fa\u010del\u016fm a jak dlouho SPR\u00c1VCE tyto osobn\u00ed \u00fadaje v souladu s platn\u00fdmi pr\u00e1vn\u00edmi p\u0159edpisy zpracov\u00e1v\u00e1, komu a z jak\u00e9ho d\u016fvodu je [&hellip;]<\/p>\n","protected":false},"author":1,"featured_media":0,"parent":0,"menu_order":0,"comment_status":"closed","ping_status":"closed","template":"","meta":{"_monsterinsights_skip_tracking":false,"_monsterinsights_sitenote_active":false,"_monsterinsights_sitenote_note":"","_monsterinsights_sitenote_category":0,"footnotes":""},"class_list":["post-4037","page","type-page","status-publish","hentry"],"aioseo_notices":[],"_links":{"self":[{"href":"https:\/\/www.dumtanceostrava.cz\/index.php\/wp-json\/wp\/v2\/pages\/4037","targetHints":{"allow":["GET"]}}],"collection":[{"href":"https:\/\/www.dumtanceostrava.cz\/index.php\/wp-json\/wp\/v2\/pages"}],"about":[{"href":"https:\/\/www.dumtanceostrava.cz\/index.php\/wp-json\/wp\/v2\/types\/page"}],"author":[{"embeddable":true,"href":"https:\/\/www.dumtanceostrava.cz\/index.php\/wp-json\/wp\/v2\/users\/1"}],"replies":[{"embeddable":true,"href":"https:\/\/www.dumtanceostrava.cz\/index.php\/wp-json\/wp\/v2\/comments?post=4037"}],"version-history":[{"count":2,"href":"https:\/\/www.dumtanceostrava.cz\/index.php\/wp-json\/wp\/v2\/pages\/4037\/revisions"}],"predecessor-version":[{"id":4039,"href":"https:\/\/www.dumtanceostrava.cz\/index.php\/wp-json\/wp\/v2\/pages\/4037\/revisions\/4039"}],"wp:attachment":[{"href":"https:\/\/www.dumtanceostrava.cz\/index.php\/wp-json\/wp\/v2\/media?parent=4037"}],"curies":[{"name":"wp","href":"https:\/\/api.w.org\/{rel}","templated":true}]}}